{"id":17139,"date":"2019-09-20T11:43:48","date_gmt":"2019-09-20T09:43:48","guid":{"rendered":"http:\/\/bufetcasanovas.com\/politica-privacidad\/"},"modified":"2020-03-04T11:42:52","modified_gmt":"2020-03-04T10:42:52","slug":"politica-privacitat","status":"publish","type":"page","link":"https:\/\/bufetcasanovas.com\/ca\/politica-privacitat\/","title":{"rendered":"Pol\u00edtica de privacitat"},"content":{"rendered":"<div class=\"wpb-content-wrapper\"><p>[vc_row css_animation=&#8221;&#8221; row_type=&#8221;row&#8221; use_row_as_full_screen_section=&#8221;no&#8221; type=&#8221;full_width&#8221; angled_section=&#8221;no&#8221; text_align=&#8221;left&#8221; background_image_as_pattern=&#8221;without_pattern&#8221;][vc_column][vc_column_text]<\/p>\r\n<p>A continuaci\u00f3 li expliquem la nostra pol\u00edtica de privacitat per tal de mantenir-lo informat dels tractaments de dades que realitza BUFET CASANOVAS I MART\u00cd -1952-, Advocats Associats, S.C.P. com a responsable del tractament. Aix\u00ed mateix, l&#8217;informem dels drets que vost\u00e8 pot exercir com a titular de les seves dades personals.<\/p>\r\n<p>&nbsp;<\/p>\r\n<p>Qui \u00e9s el responsable del tractament de dades?<\/p>\r\n<p>&nbsp;<\/p>\r\n<p><strong>BUFET CASANOVAS I MART\u00cd -1952-, Advocats Associats, S.C.P.,<\/strong> (en endavant, el <strong>&#8220;Responsable&#8221;<\/strong>), amb domicili a 08017 Barcelona, \u200b\u200bcarrer Escoles Pies, 19 baixos, CIF. J58157538, tel\u00e8fon 932.156.528 i correu electr\u00f2nic bufet.casanovas@bufetcasanovas.com<\/p>\r\n<p>&nbsp;<\/p>\r\n<p>Aix\u00ed mateix, el responsable ha designat un delegat de protecci\u00f3 de dades (DPO).<\/p>\r\n<p><strong>\u00a0<\/strong><\/p>\r\n<p><strong>Dades de l&#8217;DPO:<\/strong><\/p>\r\n<p>&nbsp;<\/p>\r\n<p>Domicili: 08017 Barcelona, \u200b\u200bcarrer Escoles Pies, 19 baixos.<\/p>\r\n<p>Correu electr\u00f2nic: dpo@bufetcasanovas.com<\/p>\r\n<p>&nbsp;<\/p>\r\n<p><strong>Quines tipologies de dades personals es tracten?<\/strong><\/p>\r\n<p>&nbsp;<\/p>\r\n<p>Dades identificatives i de contacte, dades acad\u00e8miques i professionals, i altres dades que ens faciliten els clients.<\/p>\r\n<p>&nbsp;<\/p>\r\n<p>El tractament de dades es realitza de forma <strong>CONFIDENCIAL<\/strong> i sota rigoroses <strong>mesures de<\/strong> <strong>seguretat, t\u00e8cniques i organitzatives,<\/strong>dissenyades per a protegir la corresponent activitat de tractament i per evitar, accessos no autoritzats, p\u00e8rdues o fuites d&#8217;informaci\u00f3.<\/p>\r\n<p>&nbsp;<\/p>\r\n<p>&nbsp;<\/p>\r\n<p><strong>Finalitats dels tractaments de dades:<\/strong><\/p>\r\n<p>&nbsp;<\/p>\r\n<p>Bufet Casanovas realitza el tractament de dades personals amb la finalitat d&#8217;executar i desenvolupar adequadament els serveis sol\u00b7licitats i \/ o contractats, i aquests fins s\u00f3n:<\/p>\r\n<p>&nbsp;<\/p>\r\n<p>Manteniment de la relaci\u00f3 amb el client.<\/p>\r\n<p>&nbsp;<\/p>\r\n<p>Remissi\u00f3 de comunicacions, en el marc del contracte mantingut entre el Responsable i l&#8217;Interessat \/ Usuari.<\/p>\r\n<p>&nbsp;<\/p>\r\n<p>Tramitar enc\u00e0rrecs, sol\u00b7licituds d&#8217;informaci\u00f3 o qualsevol tipus de petici\u00f3 que sigui realitzada per l&#8217;Interessat \/ Usuari mitjan\u00e7ant qualsevol de les formes de contacte que es posen a la seva disposici\u00f3<\/p>\r\n<p>&nbsp;<\/p>\r\n<p>Qualsevol altra finalitat li ser\u00e0 comunicada abans de procedir al tractament de les seves dades.<\/p>\r\n<p>&nbsp;<\/p>\r\n<p><strong>Legitimaci\u00f3 del tractament<\/strong><\/p>\r\n<p>&nbsp;<\/p>\r\n<p>La base de legitimaci\u00f3 del tractament de les dades s\u00f3n les seg\u00fcents:<\/p>\r\n<p>&nbsp;<\/p>\r\n<p>El <strong>consentiment<\/strong> expl\u00edcit de l&#8217;interessat i la relaci\u00f3 <strong>contractual<\/strong> entre les parts.<\/p>\r\n<p><strong>Obligaci\u00f3 legal<\/strong>, per aix\u00f2 \u00e9s possible que alguns tractaments haguem de fer-los perqu\u00e8 la llei ens obliga.<\/p>\r\n<p>&nbsp;<\/p>\r\n<p>Per <strong>inter\u00e8s leg\u00edtim<\/strong> en el manteniment de la relaci\u00f3 existent.<\/p>\r\n<p>&nbsp;<\/p>\r\n<p><strong>Cessi\u00f3 o comunicaci\u00f3 de dades<\/strong><\/p>\r\n<p>&nbsp;<\/p>\r\n<p>Amb car\u00e0cter general no es comunicaran les dades personals a tercers, excepte obligaci\u00f3 legal.<\/p>\r\n<p>&nbsp;<\/p>\r\n<p><strong>No elaborarem perfils i \/ o decisions automatitzades<\/strong><\/p>\r\n<p>&nbsp;<\/p>\r\n<p>El nostre despatx no elabora perfils ni realitza decisions automatitzades.<\/p>\r\n<p>&nbsp;<\/p>\r\n<p><strong>Terminis de conservaci\u00f3<\/strong><\/p>\r\n<p>&nbsp;<\/p>\r\n<p>Les seves dades es conservaran durant el termini estrictament necessari per aconseguir les finalitats del tractament, sense perjudici de la seva conservaci\u00f3 per a la posada a disposici\u00f3 de les autoritats competents i per fer front a reclamacions. En aquest cas, les dades es conservaran bloquejades fins a la finalitzaci\u00f3 del termini de prescripci\u00f3, i en aquest moment seran eliminades.<\/p>\r\n<p>&nbsp;<\/p>\r\n<p><strong>Drets dels interessats<\/strong><\/p>\r\n<p>&nbsp;<\/p>\r\n<p>La normativa vigent li atorga els seg\u00fcents drets:<\/p>\r\n<p>&nbsp;<\/p>\r\n<p>&#8211; <strong>Dret a retirar \/ revocar<\/strong> el seu consentiment sense que aix\u00f2 afecti de manera retroactiva a el tractament de dades personals fins a aquest moment.<\/p>\r\n<p>&#8211; <strong>Dret d&#8217;ACC\u00c9S<\/strong>, per con\u00e8ixer si s\u2019estan tractant o no les seves dades de car\u00e0cter personal.<\/p>\r\n<p>&#8211; <strong>Dret de RECTIFICACI\u00d3<\/strong>, per obtenir la rectificaci\u00f3 de les seves dades personals que siguin inexactes o incompletes.<\/p>\r\n<p>&#8211; <strong>Dret a la PORTABILITAT<\/strong>, perqu\u00e8 quan el tractament s&#8217;efectu\u00ef per mitjans automatitzats, rebi les seves dades personals en un format estructurat, d&#8217;\u00fas com\u00fa, de lectura mec\u00e0nica i interoperable, i puguis transmetre-les a un altre responsable del tractament.<\/p>\r\n<p>&#8211; <strong>Dret a la SUPRESSI\u00d3<\/strong> de les seves dades quan les dades ja no siguin necess\u00e0ries per als fins que van ser obtinguts.<\/p>\r\n<p>&#8211; <strong>Dret a la LIMITACI\u00d3 o OPOSICI\u00d3<\/strong> al seu tractament en circumst\u00e0ncies i per motius relacionats amb la seva situaci\u00f3 particular.<\/p>\r\n<p>&nbsp;<\/p>\r\n<p><strong>Canals de contacte per exercir els seus drets:<\/strong><\/p>\r\n<p>&nbsp;<\/p>\r\n<p>L&#8217;informem que vost\u00e8 t\u00e9 dret a exercir els drets que l&#8217;assisteixen en mat\u00e8ria de protecci\u00f3 de dades personals davant el Delegat de Protecci\u00f3 de dades (DPO) del Responsable, que ha estat designat para supervisar el compliment normatiu de Bufet Casanovas i Mart\u00ed -1952 -, Advocats Associats, SCP en mat\u00e8ria de protecci\u00f3 de dades personals, a trav\u00e9s dels seg\u00fcents canals:<\/p>\r\n<p>&nbsp;<\/p>\r\n<p>Direcci\u00f3 postal: Carrer Escoles Pies 19 baixos, 08017 &#8211; Barcelona.<\/p>\r\n<p>Email: dpo@bufetcasanovas.com<\/p>\r\n<p>&nbsp;<\/p>\r\n<p>Aix\u00ed mateix l&#8217;informem que t\u00e9 dret a presentar qualsevol tipus de reclamaci\u00f3 davant l&#8217;Autoritat de control pertinent, en el cas d&#8217;Espanya l&#8217;Ag\u00e8ncia Espanyola de Protecci\u00f3 de Dades, la p\u00e0gina web \u00e9s www.aepd.es<\/p>\r\n<p>CONFIDENCIALITAT I SEGURETAT EN EL TRACTAMENT DE DADES<\/p>\r\n<p>De conformitat amb el que disposen les normatives vigents en protecci\u00f3 de dades personals, el responsable est\u00e0 complint amb totes les disposicions de les normatives en mat\u00e8ria de protecci\u00f3 de dades personals per al tractament de les dades personals de la seva responsabilitat, i especialment amb els principis descrits en l&#8217;article 5 de l&#8217;GDPR, i que es desenvolupen en la Pol\u00edtica de Seguretat del Responsable, en relaci\u00f3 amb els fins per als quals s\u00f3n tractats.<\/p>\r\n<p>El responsable garanteix que ha implementat pol\u00edtiques t\u00e8cniques i organitzatives apropiades per aplicar les mesures de seguretat que estableix el GDPR per tal de protegir els drets i llibertats de l&#8217;Interessat \/ Usuari i els ha comunicat la informaci\u00f3 adequada perqu\u00e8 pugui exercir-los.<\/p>\r\n<p>[\/vc_column_text][vc_empty_space][\/vc_column][\/vc_row]<\/p><\/div>","protected":false},"excerpt":{"rendered":"<p>[vc_row css_animation=&#8221;&#8221; row_type=&#8221;row&#8221; use_row_as_full_screen_section=&#8221;no&#8221; type=&#8221;full_width&#8221; angled_section=&#8221;no&#8221; text_align=&#8221;left&#8221; background_image_as_pattern=&#8221;without_pattern&#8221;][vc_column][vc_column_text] A continuaci\u00f3 li expliquem la nostra pol\u00edtica de privacitat per tal de mantenir-lo informat dels tractaments de dades que realitza BUFET CASANOVAS I MART\u00cd -1952-, Advocats Associats, S.C.P. com a responsable del tractament. Aix\u00ed mateix, l&#8217;informem dels&#8230;<\/p>\n","protected":false},"author":1,"featured_media":0,"parent":0,"menu_order":0,"comment_status":"closed","ping_status":"open","template":"","meta":{"footnotes":""},"class_list":["post-17139","page","type-page","status-publish","hentry"],"yoast_head":"<!-- This site is optimized with the Yoast SEO plugin v26.4 - https:\/\/yoast.com\/wordpress\/plugins\/seo\/ -->\n<title>Pol\u00edtica de privacitat - Bufet Casanovas<\/title>\n<meta name=\"robots\" content=\"index, follow, max-snippet:-1, max-image-preview:large, max-video-preview:-1\" \/>\n<link rel=\"canonical\" href=\"https:\/\/bufetcasanovas.com\/ca\/politica-privacitat\/\" \/>\n<meta property=\"og:locale\" content=\"ca_ES\" \/>\n<meta property=\"og:type\" content=\"article\" \/>\n<meta property=\"og:title\" content=\"Pol\u00edtica de privacitat - Bufet Casanovas\" \/>\n<meta property=\"og:description\" content=\"[vc_row css_animation=&#8221;&#8221; row_type=&#8221;row&#8221; use_row_as_full_screen_section=&#8221;no&#8221; type=&#8221;full_width&#8221; angled_section=&#8221;no&#8221; text_align=&#8221;left&#8221; background_image_as_pattern=&#8221;without_pattern&#8221;][vc_column][vc_column_text] A continuaci\u00f3 li expliquem la nostra pol\u00edtica de privacitat per tal de mantenir-lo informat dels tractaments de dades que realitza BUFET CASANOVAS I MART\u00cd -1952-, Advocats Associats, S.C.P. com a responsable del tractament. Aix\u00ed mateix, l&#8217;informem dels...\" \/>\n<meta property=\"og:url\" content=\"https:\/\/bufetcasanovas.com\/ca\/politica-privacitat\/\" \/>\n<meta property=\"og:site_name\" content=\"Bufet Casanovas\" \/>\n<meta property=\"article:modified_time\" content=\"2020-03-04T10:42:52+00:00\" \/>\n<meta name=\"twitter:card\" content=\"summary_large_image\" \/>\n<meta name=\"twitter:label1\" content=\"Est. reading time\" \/>\n\t<meta name=\"twitter:data1\" content=\"5 minutes\" \/>\n<script type=\"application\/ld+json\" class=\"yoast-schema-graph\">{\"@context\":\"https:\/\/schema.org\",\"@graph\":[{\"@type\":\"WebPage\",\"@id\":\"https:\/\/bufetcasanovas.com\/ca\/politica-privacitat\/\",\"url\":\"https:\/\/bufetcasanovas.com\/ca\/politica-privacitat\/\",\"name\":\"Pol\u00edtica de privacitat - Bufet Casanovas\",\"isPartOf\":{\"@id\":\"https:\/\/bufetcasanovas.com\/#website\"},\"datePublished\":\"2019-09-20T09:43:48+00:00\",\"dateModified\":\"2020-03-04T10:42:52+00:00\",\"breadcrumb\":{\"@id\":\"https:\/\/bufetcasanovas.com\/ca\/politica-privacitat\/#breadcrumb\"},\"inLanguage\":\"ca-ES\",\"potentialAction\":[{\"@type\":\"ReadAction\",\"target\":[\"https:\/\/bufetcasanovas.com\/ca\/politica-privacitat\/\"]}]},{\"@type\":\"BreadcrumbList\",\"@id\":\"https:\/\/bufetcasanovas.com\/ca\/politica-privacitat\/#breadcrumb\",\"itemListElement\":[{\"@type\":\"ListItem\",\"position\":1,\"name\":\"Portada\",\"item\":\"https:\/\/bufetcasanovas.com\/ca\/\"},{\"@type\":\"ListItem\",\"position\":2,\"name\":\"Pol\u00edtica de privacitat\"}]},{\"@type\":\"WebSite\",\"@id\":\"https:\/\/bufetcasanovas.com\/#website\",\"url\":\"https:\/\/bufetcasanovas.com\/\",\"name\":\"Bufet Casanovas\",\"description\":\"Abogados\",\"potentialAction\":[{\"@type\":\"SearchAction\",\"target\":{\"@type\":\"EntryPoint\",\"urlTemplate\":\"https:\/\/bufetcasanovas.com\/?s={search_term_string}\"},\"query-input\":{\"@type\":\"PropertyValueSpecification\",\"valueRequired\":true,\"valueName\":\"search_term_string\"}}],\"inLanguage\":\"ca-ES\"}]}<\/script>\n<!-- \/ Yoast SEO plugin. -->","yoast_head_json":{"title":"Pol\u00edtica de privacitat - Bufet Casanovas","robots":{"index":"index","follow":"follow","max-snippet":"max-snippet:-1","max-image-preview":"max-image-preview:large","max-video-preview":"max-video-preview:-1"},"canonical":"https:\/\/bufetcasanovas.com\/ca\/politica-privacitat\/","og_locale":"ca_ES","og_type":"article","og_title":"Pol\u00edtica de privacitat - Bufet Casanovas","og_description":"[vc_row css_animation=&#8221;&#8221; row_type=&#8221;row&#8221; use_row_as_full_screen_section=&#8221;no&#8221; type=&#8221;full_width&#8221; angled_section=&#8221;no&#8221; text_align=&#8221;left&#8221; background_image_as_pattern=&#8221;without_pattern&#8221;][vc_column][vc_column_text] A continuaci\u00f3 li expliquem la nostra pol\u00edtica de privacitat per tal de mantenir-lo informat dels tractaments de dades que realitza BUFET CASANOVAS I MART\u00cd -1952-, Advocats Associats, S.C.P. com a responsable del tractament. Aix\u00ed mateix, l&#8217;informem dels...","og_url":"https:\/\/bufetcasanovas.com\/ca\/politica-privacitat\/","og_site_name":"Bufet Casanovas","article_modified_time":"2020-03-04T10:42:52+00:00","twitter_card":"summary_large_image","twitter_misc":{"Est. reading time":"5 minutes"},"schema":{"@context":"https:\/\/schema.org","@graph":[{"@type":"WebPage","@id":"https:\/\/bufetcasanovas.com\/ca\/politica-privacitat\/","url":"https:\/\/bufetcasanovas.com\/ca\/politica-privacitat\/","name":"Pol\u00edtica de privacitat - Bufet Casanovas","isPartOf":{"@id":"https:\/\/bufetcasanovas.com\/#website"},"datePublished":"2019-09-20T09:43:48+00:00","dateModified":"2020-03-04T10:42:52+00:00","breadcrumb":{"@id":"https:\/\/bufetcasanovas.com\/ca\/politica-privacitat\/#breadcrumb"},"inLanguage":"ca-ES","potentialAction":[{"@type":"ReadAction","target":["https:\/\/bufetcasanovas.com\/ca\/politica-privacitat\/"]}]},{"@type":"BreadcrumbList","@id":"https:\/\/bufetcasanovas.com\/ca\/politica-privacitat\/#breadcrumb","itemListElement":[{"@type":"ListItem","position":1,"name":"Portada","item":"https:\/\/bufetcasanovas.com\/ca\/"},{"@type":"ListItem","position":2,"name":"Pol\u00edtica de privacitat"}]},{"@type":"WebSite","@id":"https:\/\/bufetcasanovas.com\/#website","url":"https:\/\/bufetcasanovas.com\/","name":"Bufet Casanovas","description":"Abogados","potentialAction":[{"@type":"SearchAction","target":{"@type":"EntryPoint","urlTemplate":"https:\/\/bufetcasanovas.com\/?s={search_term_string}"},"query-input":{"@type":"PropertyValueSpecification","valueRequired":true,"valueName":"search_term_string"}}],"inLanguage":"ca-ES"}]}},"_links":{"self":[{"href":"https:\/\/bufetcasanovas.com\/ca\/wp-json\/wp\/v2\/pages\/17139","targetHints":{"allow":["GET"]}}],"collection":[{"href":"https:\/\/bufetcasanovas.com\/ca\/wp-json\/wp\/v2\/pages"}],"about":[{"href":"https:\/\/bufetcasanovas.com\/ca\/wp-json\/wp\/v2\/types\/page"}],"author":[{"embeddable":true,"href":"https:\/\/bufetcasanovas.com\/ca\/wp-json\/wp\/v2\/users\/1"}],"replies":[{"embeddable":true,"href":"https:\/\/bufetcasanovas.com\/ca\/wp-json\/wp\/v2\/comments?post=17139"}],"version-history":[{"count":3,"href":"https:\/\/bufetcasanovas.com\/ca\/wp-json\/wp\/v2\/pages\/17139\/revisions"}],"predecessor-version":[{"id":17142,"href":"https:\/\/bufetcasanovas.com\/ca\/wp-json\/wp\/v2\/pages\/17139\/revisions\/17142"}],"wp:attachment":[{"href":"https:\/\/bufetcasanovas.com\/ca\/wp-json\/wp\/v2\/media?parent=17139"}],"curies":[{"name":"wp","href":"https:\/\/api.w.org\/{rel}","templated":true}]}}